{"id":1553,"date":"2020-11-01T10:02:54","date_gmt":"2020-11-01T09:02:54","guid":{"rendered":"http:\/\/92.244.88.147\/wordpress\/?page_id=1553"},"modified":"2022-03-16T13:15:34","modified_gmt":"2022-03-16T12:15:34","slug":"ps-crnece","status":"publish","type":"page","link":"https:\/\/www.os-dravograd.si\/index.php\/ps-crnece\/","title":{"rendered":"P\u0160 \u010cRNE\u010cE"},"content":{"rendered":"<table style=\"width: 635px; height: 178px;\">\n<tbody>\n<tr>\n<th style=\"text-align: left;\"><span style=\"color: #000000;\">Podru\u017eni\u010dna \u0161ola \u010crne\u010de,<\/span><br \/>\n<span style=\"color: #000000;\">\u010crne\u010de 157,<\/span><br \/>\n<span style=\"color: #000000;\">2370 Dravograd.<\/span><br \/>\n<span style=\"color: #000000;\">Tel.: 02 878 31 95<\/span><br \/>\n<span style=\"color: #000000;\">Vodja \u0161ole: Helena Udu\u010d Pepevnik<\/span><\/th>\n<th><span style=\"color: #000000;\"><img loading=\"lazy\" class=\"size-full wp-image-1554 alignleft\" src=\"https:\/\/www.os-dravograd.si\/wp-content\/uploads\/2020\/11\/ps-crnece.jpg\" alt=\"\" width=\"200\" height=\"150\"><\/span><\/th>\n<\/tr>\n<\/tbody>\n<\/table>\n<p><span style=\"color: #000000;\">Napredno misle\u010di \u010crne\u010dani so se ve\u010d desetletij ukvarjali z \u017eeljo, da bi tudi v njihovem kraju zgradili \u0161olo, uresni\u010dili pa so jo \u0161ele leta 1872. Pouk se je za 66 u\u010dencev za\u010del 4. novembra 1873, ko je bila zgrajeno sedanje \u0161olsko poslopje. Do konca 1. svetovne vojne je potekal prete\u017eno v nem\u0161kem jeziku. Po drugi svetovni vojni je bilo na \u0161oli dolga leta povpre\u010dno 70 do 90 u\u010dencev. Kot samostojna osemletna osnovna \u0161ola je delovala do \u0161olskega letu 1957\/58, ko je bil \u0161olski okoli\u0161 \u010crne\u010d pripojen Dravogradu. V \u0161olskem letu 1958\/59 sta na \u0161oli ostala le dva oddelka za u\u010dence od 1. do 4. razreda, u\u010dence vi\u0161jih razredov pa so pre\u0161olali na centralno \u0161olo v Dravograd. Avgusta 1976 je bila \u0161ola poru\u0161ena do zidov, v treh mesecih so jo nadzidali, temeljito uredili in opremili s centralno kurjavo. \u017de decembra so u\u010denci lahko za\u010deli pouk v prenovljenem \u0161olskem poslopju. Naslednje leto je za\u010dela kot prva in edina \u0161ola v ob\u010dini s celodnevno obliko dela. Leta 1989 so celodnevno \u0161olo ukinili. \u017dalosti pa nas dejstvo, da \u0161tevilo u\u010dencev v zadnjih letih mo\u010dno upada.<\/span><\/p>\n<p><span style=\"color: #000000;\">Na \u0161oli v \u010crne\u010dah domuje tudi oddelek vrtca.<\/span><\/p>\n","protected":false},"excerpt":{"rendered":"<p>Podru\u017eni\u010dna \u0161ola \u010crne\u010de, \u010crne\u010de 157, 2370 Dravograd. Tel.: 02 878 31 95 Vodja \u0161ole: Helena Udu\u010d Pepevnik Napredno misle\u010di \u010crne\u010dani so se ve\u010d desetletij ukvarjali z \u017eeljo, da bi tudi v njihovem kraju zgradili \u0161olo, uresni\u010dili pa so jo \u0161ele leta 1872. Pouk se je za 66 u\u010dencev za\u010del 4. novembra 1873, ko je bila [&hellip;]<\/p>\n","protected":false},"author":1,"featured_media":0,"parent":0,"menu_order":0,"comment_status":"closed","ping_status":"closed","template":"","meta":{"ngg_post_thumbnail":0},"_links":{"self":[{"href":"https:\/\/www.os-dravograd.si\/index.php\/wp-json\/wp\/v2\/pages\/1553"}],"collection":[{"href":"https:\/\/www.os-dravograd.si\/index.php\/wp-json\/wp\/v2\/pages"}],"about":[{"href":"https:\/\/www.os-dravograd.si\/index.php\/wp-json\/wp\/v2\/types\/page"}],"author":[{"embeddable":true,"href":"https:\/\/www.os-dravograd.si\/index.php\/wp-json\/wp\/v2\/users\/1"}],"replies":[{"embeddable":true,"href":"https:\/\/www.os-dravograd.si\/index.php\/wp-json\/wp\/v2\/comments?post=1553"}],"version-history":[{"count":1,"href":"https:\/\/www.os-dravograd.si\/index.php\/wp-json\/wp\/v2\/pages\/1553\/revisions"}],"predecessor-version":[{"id":2999,"href":"https:\/\/www.os-dravograd.si\/index.php\/wp-json\/wp\/v2\/pages\/1553\/revisions\/2999"}],"wp:attachment":[{"href":"https:\/\/www.os-dravograd.si\/index.php\/wp-json\/wp\/v2\/media?parent=1553"}],"curies":[{"name":"wp","href":"https:\/\/api.w.org\/{rel}","templated":true}]}}