{"id":8,"date":"2015-07-20T11:53:52","date_gmt":"2015-07-20T11:53:52","guid":{"rendered":"http:\/\/92.244.88.147\/wordpress\/?page_id=8"},"modified":"2025-11-13T12:55:07","modified_gmt":"2025-11-13T11:55:07","slug":"homepage","status":"publish","type":"page","link":"https:\/\/www.os-dravograd.si\/","title":{"rendered":"Aktualno"},"content":{"rendered":"<p>[vc_row][vc_column]<div class=\"sc_content content_wrap\" style=\"margin-top:7.25em !important;margin-bottom:5.6em !important;\"><div id=\"sc_blogger_1680107671\" class=\"sc_blogger layout_masonry_3 template_masonry  sc_blogger_horizontal\" style=\"margin-top:-1.7em;margin-left:+1.7em;\"><h2 class=\"sc_blogger_title sc_item_title\">ZADNJE OBJAVE<\/h2><div class=\"isotope_wrap\" data-columns=\"3\">\t\t<div class=\"isotope_item isotope_item_masonry isotope_item_masonry_3 isotope_column_3\t\t\t\t\t\">\n\t\t\t<div class=\"post_item post_item_masonry post_item_masonry_3\t\t\t\t  post_format_standard odd\">\n\t\t\t\t\n\t\t\t\t                        <h3 class=\"post_title\"><a href=\"https:\/\/www.os-dravograd.si\/index.php\/2026\/04\/22\/dan-zdravja-v-druzbi-drustva-polzek\/\">Dan zdravja v dru\u017ebi dru\u0161tva Pol\u017eek<\/a><\/h3>\n                    \t\t\t\t\t<div class=\"post_featured\">\n\t\t\t\t\t\t\t\t\t\t\t\t<div class=\"post_thumb\" data-image=\"https:\/\/www.os-dravograd.si\/wp-content\/uploads\/2026\/04\/7-1.jpg\" data-title=\"Dan zdravja v dru\u017ebi dru\u0161tva Pol\u017eek\">\n\t\t\t\t\t\t<a class=\"hover_icon hover_icon_link\" href=\"https:\/\/www.os-dravograd.si\/index.php\/2026\/04\/22\/dan-zdravja-v-druzbi-drustva-polzek\/\"><img class=\"wp-post-image\" width=\"390\" alt=\"Dan zdravja v dru\u017ebi dru\u0161tva Pol\u017eek\" src=\"https:\/\/www.os-dravograd.si\/wp-content\/uploads\/2026\/04\/7-1-390x293.jpg\"><\/a>\t\t\t\t\t\t<\/div>\n\t\t\t\t\t\t\t\t\t\t\t<\/div>\n\t\t\t\t\n\t\t\t\t<div class=\"post_content isotope_item_content\">\n\t\t\t\t\t\n\t\t\t\t\t\n\t\t\t\t\t<div class=\"post_descr\">\n\t\t\t\t\t\t<p>V torek, 21. aprila 2026, smo na O\u0160 Neznanih...<\/p><a href=\"https:\/\/www.os-dravograd.si\/index.php\/2026\/04\/22\/dan-zdravja-v-druzbi-drustva-polzek\/\" class=\"sc_button sc_button_square sc_button_style_filled  sc_button_bg_link sc_button_size_small\">PREBERITE VE\u010c<\/a>\t\t\t\t\t<\/div>\n\n\t\t\t\t<\/div>\t\t\t\t<!-- \/.post_content -->\n\t\t\t<\/div>\t<!-- \/.post_item -->\n\t\t<\/div>\t\t\t\t\t\t<!-- \/.isotope_item -->\n\t\t\t\t<div class=\"isotope_item isotope_item_masonry isotope_item_masonry_3 isotope_column_3\t\t\t\t\t\">\n\t\t\t<div class=\"post_item post_item_masonry post_item_masonry_3\t\t\t\t  post_format_standard even\">\n\t\t\t\t\n\t\t\t\t                        <h3 class=\"post_title\"><a href=\"https:\/\/www.os-dravograd.si\/index.php\/2026\/04\/22\/22-april-svetovni-dan-zemlje\/\">22. APRIL &#8211; SVETOVNI DAN ZEMLJE<\/a><\/h3>\n                    \t\t\t\t\t<div class=\"post_featured\">\n\t\t\t\t\t\t\t\t\t\t\t\t<div class=\"post_thumb\" data-image=\"https:\/\/www.os-dravograd.si\/wp-content\/uploads\/2026\/04\/Svetovni-dan-zemlje-22.4..png\" data-title=\"22. APRIL &#8211; SVETOVNI DAN ZEMLJE\">\n\t\t\t\t\t\t<a class=\"hover_icon hover_icon_link\" href=\"https:\/\/www.os-dravograd.si\/index.php\/2026\/04\/22\/22-april-svetovni-dan-zemlje\/\"><img class=\"wp-post-image\" width=\"390\" alt=\"22. APRIL &#8211; SVETOVNI DAN ZEMLJE\" src=\"https:\/\/www.os-dravograd.si\/wp-content\/uploads\/2026\/04\/Svetovni-dan-zemlje-22.4.-390x585.png\"><\/a>\t\t\t\t\t\t<\/div>\n\t\t\t\t\t\t\t\t\t\t\t<\/div>\n\t\t\t\t\n\t\t\t\t<div class=\"post_content isotope_item_content\">\n\t\t\t\t\t\n\t\t\t\t\t\n\t\t\t\t\t<div class=\"post_descr\">\n\t\t\t\t\t\t<p>22. aprila obele\u017eujemo Svetovni dan Zemlje \u2013...<\/p><a href=\"https:\/\/www.os-dravograd.si\/index.php\/2026\/04\/22\/22-april-svetovni-dan-zemlje\/\" class=\"sc_button sc_button_square sc_button_style_filled  sc_button_bg_link sc_button_size_small\">PREBERITE VE\u010c<\/a>\t\t\t\t\t<\/div>\n\n\t\t\t\t<\/div>\t\t\t\t<!-- \/.post_content -->\n\t\t\t<\/div>\t<!-- \/.post_item -->\n\t\t<\/div>\t\t\t\t\t\t<!-- \/.isotope_item -->\n\t\t\t\t<div class=\"isotope_item isotope_item_masonry isotope_item_masonry_3 isotope_column_3\t\t\t\t\t\">\n\t\t\t<div class=\"post_item post_item_masonry post_item_masonry_3\t\t\t\t  post_format_standard odd\">\n\t\t\t\t\n\t\t\t\t                        <h3 class=\"post_title\"><a href=\"https:\/\/www.os-dravograd.si\/index.php\/2026\/04\/21\/planinski-pohod-na-avstrijsko-korosko\/\">Planinski pohod na avstrijsko Koro\u0161ko<\/a><\/h3>\n                    \t\t\t\t\t<div class=\"post_featured\">\n\t\t\t\t\t\t\t\t\t\t\t\t<div class=\"post_thumb\" data-image=\"https:\/\/www.os-dravograd.si\/wp-content\/uploads\/2026\/04\/Resized_20260418_135530.jpg\" data-title=\"Planinski pohod na avstrijsko Koro\u0161ko\">\n\t\t\t\t\t\t<a class=\"hover_icon hover_icon_link\" href=\"https:\/\/www.os-dravograd.si\/index.php\/2026\/04\/21\/planinski-pohod-na-avstrijsko-korosko\/\"><img class=\"wp-post-image\" width=\"390\" alt=\"Planinski pohod na avstrijsko Koro\u0161ko\" src=\"https:\/\/www.os-dravograd.si\/wp-content\/uploads\/2026\/04\/Resized_20260418_135530-390x520.jpg\"><\/a>\t\t\t\t\t\t<\/div>\n\t\t\t\t\t\t\t\t\t\t\t<\/div>\n\t\t\t\t\n\t\t\t\t<div class=\"post_content isotope_item_content\">\n\t\t\t\t\t\n\t\t\t\t\t\n\t\t\t\t\t<div class=\"post_descr\">\n\t\t\t\t\t\t<p>Planinski kro\u017eek Mladi planinci se je v...<\/p><a href=\"https:\/\/www.os-dravograd.si\/index.php\/2026\/04\/21\/planinski-pohod-na-avstrijsko-korosko\/\" class=\"sc_button sc_button_square sc_button_style_filled  sc_button_bg_link sc_button_size_small\">PREBERITE VE\u010c<\/a>\t\t\t\t\t<\/div>\n\n\t\t\t\t<\/div>\t\t\t\t<!-- \/.post_content -->\n\t\t\t<\/div>\t<!-- \/.post_item -->\n\t\t<\/div>\t\t\t\t\t\t<!-- \/.isotope_item -->\n\t\t\t\t<div class=\"isotope_item isotope_item_masonry isotope_item_masonry_3 isotope_column_3\t\t\t\t\t\">\n\t\t\t<div class=\"post_item post_item_masonry post_item_masonry_3\t\t\t\t  post_format_standard even\">\n\t\t\t\t\n\t\t\t\t                        <h3 class=\"post_title\"><a href=\"https:\/\/www.os-dravograd.si\/index.php\/2026\/04\/21\/obvestilo-o-preimenovanju-aplikacije-lopolis-v-evio\/\">Obvestilo o preimenovanju aplikacije Lopolis v Evio<\/a><\/h3>\n                    \t\t\t\t\t<div class=\"post_featured\">\n\t\t\t\t\t\t\t\t\t\t\t\t<div class=\"post_thumb\" data-image=\"https:\/\/www.os-dravograd.si\/wp-content\/uploads\/2026\/04\/evio.jpg\" data-title=\"Obvestilo o preimenovanju aplikacije Lopolis v Evio\">\n\t\t\t\t\t\t<a class=\"hover_icon hover_icon_link\" href=\"https:\/\/www.os-dravograd.si\/index.php\/2026\/04\/21\/obvestilo-o-preimenovanju-aplikacije-lopolis-v-evio\/\"><img class=\"wp-post-image\" width=\"390\" alt=\"Obvestilo o preimenovanju aplikacije Lopolis v Evio\" src=\"https:\/\/www.os-dravograd.si\/wp-content\/uploads\/2026\/04\/evio-390x157.jpg\"><\/a>\t\t\t\t\t\t<\/div>\n\t\t\t\t\t\t\t\t\t\t\t<\/div>\n\t\t\t\t\n\t\t\t\t<div class=\"post_content isotope_item_content\">\n\t\t\t\t\t\n\t\t\t\t\t\n\t\t\t\t\t<div class=\"post_descr\">\n\t\t\t\t\t\t<p>Spo\u0161tovani star\u0161i! V mesecu maju prihaja do...<\/p><a href=\"https:\/\/www.os-dravograd.si\/index.php\/2026\/04\/21\/obvestilo-o-preimenovanju-aplikacije-lopolis-v-evio\/\" class=\"sc_button sc_button_square sc_button_style_filled  sc_button_bg_link sc_button_size_small\">PREBERITE VE\u010c<\/a>\t\t\t\t\t<\/div>\n\n\t\t\t\t<\/div>\t\t\t\t<!-- \/.post_content -->\n\t\t\t<\/div>\t<!-- \/.post_item -->\n\t\t<\/div>\t\t\t\t\t\t<!-- \/.isotope_item -->\n\t\t\t\t<div class=\"isotope_item isotope_item_masonry isotope_item_masonry_3 isotope_column_3\t\t\t\t\t\">\n\t\t\t<div class=\"post_item post_item_masonry post_item_masonry_3\t\t\t\t  post_format_standard odd\">\n\t\t\t\t\n\t\t\t\t                        <h3 class=\"post_title\"><a href=\"https:\/\/www.os-dravograd.si\/index.php\/2026\/04\/20\/ucenci-na-ekskurzijo-v-beljak-villach-z-okolico\/\">U\u010denci na ekskurzijo v Beljak (Villach) z okolico<\/a><\/h3>\n                    \t\t\t\t\t<div class=\"post_featured\">\n\t\t\t\t\t\t\t\t\t\t\t\t<div class=\"post_thumb\" data-image=\"https:\/\/www.os-dravograd.si\/wp-content\/uploads\/2026\/04\/word-image-14-e1776666764303.jpeg\" data-title=\"U\u010denci na ekskurzijo v Beljak (Villach) z okolico\">\n\t\t\t\t\t\t<a class=\"hover_icon hover_icon_link\" href=\"https:\/\/www.os-dravograd.si\/index.php\/2026\/04\/20\/ucenci-na-ekskurzijo-v-beljak-villach-z-okolico\/\"><img class=\"wp-post-image\" width=\"390\" alt=\"U\u010denci na ekskurzijo v Beljak (Villach) z okolico\" src=\"https:\/\/www.os-dravograd.si\/wp-content\/uploads\/2026\/04\/word-image-14-e1776666764303-390x520.jpeg\"><\/a>\t\t\t\t\t\t<\/div>\n\t\t\t\t\t\t\t\t\t\t\t<\/div>\n\t\t\t\t\n\t\t\t\t<div class=\"post_content isotope_item_content\">\n\t\t\t\t\t\n\t\t\t\t\t\n\t\t\t\t\t<div class=\"post_descr\">\n\t\t\t\t\t\t<p>U\u010denci 8. in 9. razreda, ki obiskujejo izbirni...<\/p><a href=\"https:\/\/www.os-dravograd.si\/index.php\/2026\/04\/20\/ucenci-na-ekskurzijo-v-beljak-villach-z-okolico\/\" class=\"sc_button sc_button_square sc_button_style_filled  sc_button_bg_link sc_button_size_small\">PREBERITE VE\u010c<\/a>\t\t\t\t\t<\/div>\n\n\t\t\t\t<\/div>\t\t\t\t<!-- \/.post_content -->\n\t\t\t<\/div>\t<!-- \/.post_item -->\n\t\t<\/div>\t\t\t\t\t\t<!-- \/.isotope_item -->\n\t\t\t\t<div class=\"isotope_item isotope_item_masonry isotope_item_masonry_3 isotope_column_3\t\t\t\t\t\">\n\t\t\t<div class=\"post_item post_item_masonry post_item_masonry_3\t\t\t\t  post_format_standard even\">\n\t\t\t\t\n\t\t\t\t                        <h3 class=\"post_title\"><a href=\"https:\/\/www.os-dravograd.si\/index.php\/2026\/04\/15\/prireditev-ob-zakljucku-tretjega-kroga-projekta-podari-trenutek\/\">Prireditev ob zaklju\u010dku tretjega kroga projekta Podari trenutek<\/a><\/h3>\n                    \t\t\t\t\t<div class=\"post_featured\">\n\t\t\t\t\t\t\t\t\t\t\t\t<div class=\"post_thumb\" data-image=\"https:\/\/www.os-dravograd.si\/wp-content\/uploads\/2026\/04\/1-scaled.jpg\" data-title=\"Prireditev ob zaklju\u010dku tretjega kroga projekta Podari trenutek\">\n\t\t\t\t\t\t<a class=\"hover_icon hover_icon_link\" href=\"https:\/\/www.os-dravograd.si\/index.php\/2026\/04\/15\/prireditev-ob-zakljucku-tretjega-kroga-projekta-podari-trenutek\/\"><img class=\"wp-post-image\" width=\"390\" alt=\"Prireditev ob zaklju\u010dku tretjega kroga projekta Podari trenutek\" src=\"https:\/\/www.os-dravograd.si\/wp-content\/uploads\/2026\/04\/1-scaled-390x275.jpg\"><\/a>\t\t\t\t\t\t<\/div>\n\t\t\t\t\t\t\t\t\t\t\t<\/div>\n\t\t\t\t\n\t\t\t\t<div class=\"post_content isotope_item_content\">\n\t\t\t\t\t\n\t\t\t\t\t\n\t\t\t\t\t<div class=\"post_descr\">\n\t\t\t\t\t\t<p>V soboto, 11. aprila 2026, je v Domu borcev v...<\/p><a href=\"https:\/\/www.os-dravograd.si\/index.php\/2026\/04\/15\/prireditev-ob-zakljucku-tretjega-kroga-projekta-podari-trenutek\/\" class=\"sc_button sc_button_square sc_button_style_filled  sc_button_bg_link sc_button_size_small\">PREBERITE VE\u010c<\/a>\t\t\t\t\t<\/div>\n\n\t\t\t\t<\/div>\t\t\t\t<!-- \/.post_content -->\n\t\t\t<\/div>\t<!-- \/.post_item -->\n\t\t<\/div>\t\t\t\t\t\t<!-- \/.isotope_item -->\n\t\t\t\t<div class=\"isotope_item isotope_item_masonry isotope_item_masonry_3 isotope_column_3\t\t\t\t\t\">\n\t\t\t<div class=\"post_item post_item_masonry post_item_masonry_3\t\t\t\t  post_format_standard odd\">\n\t\t\t\t\n\t\t\t\t                        <h3 class=\"post_title\"><a href=\"https:\/\/www.os-dravograd.si\/index.php\/2026\/04\/14\/dan-zdravja-na-ojstrici\/\">Dan zdravja na Ojstrici<\/a><\/h3>\n                    \t\t\t\t\t<div class=\"post_featured\">\n\t\t\t\t\t\t\t\t\t\t\t\t<div class=\"post_thumb\" data-image=\"https:\/\/www.os-dravograd.si\/wp-content\/uploads\/2026\/04\/word-image-2.png\" data-title=\"Dan zdravja na Ojstrici\">\n\t\t\t\t\t\t<a class=\"hover_icon hover_icon_link\" href=\"https:\/\/www.os-dravograd.si\/index.php\/2026\/04\/14\/dan-zdravja-na-ojstrici\/\"><img class=\"wp-post-image\" width=\"390\" alt=\"Dan zdravja na Ojstrici\" src=\"https:\/\/www.os-dravograd.si\/wp-content\/uploads\/2026\/04\/word-image-2-390x211.png\"><\/a>\t\t\t\t\t\t<\/div>\n\t\t\t\t\t\t\t\t\t\t\t<\/div>\n\t\t\t\t\n\t\t\t\t<div class=\"post_content isotope_item_content\">\n\t\t\t\t\t\n\t\t\t\t\t\n\t\t\t\t\t<div class=\"post_descr\">\n\t\t\t\t\t\t<p>V soboto, 11. aprila, smo obele\u017eili dan...<\/p><a href=\"https:\/\/www.os-dravograd.si\/index.php\/2026\/04\/14\/dan-zdravja-na-ojstrici\/\" class=\"sc_button sc_button_square sc_button_style_filled  sc_button_bg_link sc_button_size_small\">PREBERITE VE\u010c<\/a>\t\t\t\t\t<\/div>\n\n\t\t\t\t<\/div>\t\t\t\t<!-- \/.post_content -->\n\t\t\t<\/div>\t<!-- \/.post_item -->\n\t\t<\/div>\t\t\t\t\t\t<!-- \/.isotope_item -->\n\t\t\t\t<div class=\"isotope_item isotope_item_masonry isotope_item_masonry_3 isotope_column_3\t\t\t\t\t\">\n\t\t\t<div class=\"post_item post_item_masonry post_item_masonry_3\t\t\t\t  post_format_standard even last\">\n\t\t\t\t\n\t\t\t\t                        <h3 class=\"post_title\"><a href=\"https:\/\/www.os-dravograd.si\/index.php\/2026\/04\/14\/nasa-mala-gozdna-knjiznica-pri-grajski-bajti\/\">Na\u0161a mala gozdna knji\u017enica pri Grajski bajti<\/a><\/h3>\n                    \t\t\t\t\t<div class=\"post_featured\">\n\t\t\t\t\t\t\t\t\t\t\t\t<div class=\"post_thumb\" data-image=\"https:\/\/www.os-dravograd.si\/wp-content\/uploads\/2026\/04\/1000006994.jpg\" data-title=\"Na\u0161a mala gozdna knji\u017enica pri Grajski bajti\">\n\t\t\t\t\t\t<a class=\"hover_icon hover_icon_link\" href=\"https:\/\/www.os-dravograd.si\/index.php\/2026\/04\/14\/nasa-mala-gozdna-knjiznica-pri-grajski-bajti\/\"><img class=\"wp-post-image\" width=\"390\" alt=\"Na\u0161a mala gozdna knji\u017enica pri Grajski bajti\" src=\"https:\/\/www.os-dravograd.si\/wp-content\/uploads\/2026\/04\/1000006994-390x293.jpg\"><\/a>\t\t\t\t\t\t<\/div>\n\t\t\t\t\t\t\t\t\t\t\t<\/div>\n\t\t\t\t\n\t\t\t\t<div class=\"post_content isotope_item_content\">\n\t\t\t\t\t\n\t\t\t\t\t\n\t\t\t\t\t<div class=\"post_descr\">\n\t\t\t\t\t\t<p>Na u\u010dni poti Na grad poleg Grajske bajte nad...<\/p><a href=\"https:\/\/www.os-dravograd.si\/index.php\/2026\/04\/14\/nasa-mala-gozdna-knjiznica-pri-grajski-bajti\/\" class=\"sc_button sc_button_square sc_button_style_filled  sc_button_bg_link sc_button_size_small\">PREBERITE VE\u010c<\/a>\t\t\t\t\t<\/div>\n\n\t\t\t\t<\/div>\t\t\t\t<!-- \/.post_content -->\n\t\t\t<\/div>\t<!-- \/.post_item -->\n\t\t<\/div>\t\t\t\t\t\t<!-- \/.isotope_item -->\n\t\t<\/div><\/div><a href=\"https:\/\/www.os-dravograd.si\/index.php\/category\/aktualno\/\" class=\"sc_button sc_button_square sc_button_style_filled accent3 sc_button_bg_link sc_button_size_small\" style=\"margin-top:1.15em;margin-left:+1.7em;color:#000000;background-color:#ff7f50; border-color:#ff7f50;\">STAREJ\u0160E OBJAVE<\/a><\/div>[\/vc_column][\/vc_row][vc_row disable_element=&#8221;yes&#8221;][vc_column width=&#8221;1\/3&#8243;]<figure id=\"Srednje \u0161ole\" class=\"sc_image  alignright sc_image_shape_square\"><a href=\"https:\/\/srednjesole.aktualno.si\/\"><img src=\"https:\/\/www.os-dravograd.si\/wp-content\/uploads\/2025\/06\/srednje-sole-1.png\" alt=\"\" \/><\/a><figcaption><span><\/span> Srednje\u0160ole.si<\/figcaption><\/figure><figure class=\"sc_image  alignright sc_image_shape_square\"><a href=\"https:\/\/www.os-dravograd.si\/wp-content\/uploads\/2023\/06\/stisni-ko-te-stiska.jpg\"><img src=\"https:\/\/www.os-dravograd.si\/wp-content\/uploads\/2023\/06\/stisni-ko-te-stiska-1.jpg\" alt=\"\" \/><\/a><figcaption><span><\/span> Stisni, ko te stiska<\/figcaption><\/figure><figure class=\"sc_image  alignright sc_image_shape_square\"><a href=\"https:\/\/www.os-dravograd.si\/wp-content\/uploads\/2025\/09\/A4-plakat-klikabilni-informativni-final.pdf\"><img src=\"https:\/\/www.os-dravograd.si\/wp-content\/uploads\/2025\/09\/tosemjaz.jpg\" alt=\"\" \/><\/a><figcaption><span class=\"none\"><\/span> To sem jaz<\/figcaption><\/figure>[\/vc_column][\/vc_row]<\/p>\n","protected":false},"excerpt":{"rendered":"<p>[vc_row][vc_column][\/vc_column][\/vc_row][vc_row disable_element=&#8221;yes&#8221;][vc_column width=&#8221;1\/3&#8243;][\/vc_column][\/vc_row]<\/p>\n","protected":false},"author":1,"featured_media":0,"parent":1489,"menu_order":0,"comment_status":"open","ping_status":"open","template":"","meta":{"ngg_post_thumbnail":0},"_links":{"self":[{"href":"https:\/\/www.os-dravograd.si\/index.php\/wp-json\/wp\/v2\/pages\/8"}],"collection":[{"href":"https:\/\/www.os-dravograd.si\/index.php\/wp-json\/wp\/v2\/pages"}],"about":[{"href":"https:\/\/www.os-dravograd.si\/index.php\/wp-json\/wp\/v2\/types\/page"}],"author":[{"embeddable":true,"href":"https:\/\/www.os-dravograd.si\/index.php\/wp-json\/wp\/v2\/users\/1"}],"replies":[{"embeddable":true,"href":"https:\/\/www.os-dravograd.si\/index.php\/wp-json\/wp\/v2\/comments?post=8"}],"version-history":[{"count":61,"href":"https:\/\/www.os-dravograd.si\/index.php\/wp-json\/wp\/v2\/pages\/8\/revisions"}],"predecessor-version":[{"id":9738,"href":"https:\/\/www.os-dravograd.si\/index.php\/wp-json\/wp\/v2\/pages\/8\/revisions\/9738"}],"up":[{"embeddable":true,"href":"https:\/\/www.os-dravograd.si\/index.php\/wp-json\/wp\/v2\/pages\/1489"}],"wp:attachment":[{"href":"https:\/\/www.os-dravograd.si\/index.php\/wp-json\/wp\/v2\/media?parent=8"}],"curies":[{"name":"wp","href":"https:\/\/api.w.org\/{rel}","templated":true}]}}